{"id":2,"date":"2025-07-16T06:50:41","date_gmt":"2025-07-16T06:50:41","guid":{"rendered":"https:\/\/www.michaelpflumm.de?page_id=2"},"modified":"2026-04-13T06:12:02","modified_gmt":"2026-04-13T06:12:02","slug":"startseite","status":"publish","type":"page","link":"http:\/\/www.michaelpflumm.de\/en\/","title":{"rendered":"Home"},"content":{"rendered":"\r\n<section id=\"home\" class=\"wp-block-group position-relative has-white-color has-primary-color-background-color has-text-color has-background has-link-color wp-elements-81469e76edc68280eb2736004a241e14\"><div class=\"wp-block-group__inner-container is-layout-constrained wp-block-group-is-layout-constrained\">\r\n<div class=\"wp-block-cover d-none d-xl-flex has-x-large-font-size\" style=\"min-height:100vh;aspect-ratio:unset;\"><img loading=\"lazy\" decoding=\"async\" width=\"2000\" height=\"1333\" class=\"wp-block-cover__image-background wp-image-11 size-full\" alt=\"\" src=\"http:\/\/www.michaelpflumm.de\/wp-content\/uploads\/2025\/07\/start.jpg\" data-object-fit=\"cover\"\/><span aria-hidden=\"true\" class=\"wp-block-cover__background has-background-dim-0 has-background-dim\" style=\"background-color:#504947\"><\/span><div class=\"wp-block-cover__inner-container is-layout-flow wp-block-cover-is-layout-flow\"><div class=\"wp-block-image is-style-rounded scroll-down-button\">\r\n<figure class=\"aligncenter size-full\"><img loading=\"lazy\" decoding=\"async\" width=\"216\" height=\"217\" src=\"http:\/\/www.michaelpflumm.de\/wp-content\/uploads\/2025\/07\/pfeil_startseite.png\" alt=\"\" class=\"wp-image-26\"\/><\/figure>\r\n<\/div><\/div><\/div>\r\n\r\n\r\n\r\n<figure class=\"wp-block-image size-full d-block d-xl-none\"><img loading=\"lazy\" decoding=\"async\" width=\"2000\" height=\"1333\" src=\"http:\/\/www.michaelpflumm.de\/wp-content\/uploads\/2025\/07\/start.jpg\" alt=\"\" class=\"wp-image-11\" style=\"aspect-ratio:16\/9;object-fit:cover\"\/><\/figure>\r\n<\/div><\/section>\r\n\r\n\r\n\r\n\r\n<section id=\"biografie\" class=\"wp-block-group position-relative biografie has-white-color has-primary-color-background-color has-text-color has-background has-link-color wp-elements-87ef5279a3b8b36d38736507de6584d0\"><div class=\"wp-block-group__inner-container is-layout-constrained wp-block-group-is-layout-constrained\">\r\n<div class=\"wp-block-cover has-parallax\" style=\"min-height:1383px;aspect-ratio:unset;\"><div class=\"wp-block-cover__image-background wp-image-379 size-full has-parallax\" style=\"background-position:50% 50%;background-image:url(http:\/\/www.michaelpflumm.de\/wp-content\/uploads\/2025\/07\/2.-Bio-090_neu.jpg)\"><\/div><span aria-hidden=\"true\" class=\"wp-block-cover__background has-background-dim-0 has-background-dim\" style=\"background-color:#564b45\"><\/span><div class=\"wp-block-cover__inner-container is-layout-flow wp-block-cover-is-layout-flow\"><div class=\"wp-bootstrap-blocks-container container mb-2\">\n\t\r\n<div class=\"wp-bootstrap-blocks-row row\">\n\t\r\n\n<div class=\"col-12 col-md-6\">\n\t\t\t\t<\/div>\n\r\n\r\n\n<div class=\"col-12 col-md-6\">\n\t\t\t\r\n\r\n<h2 class=\"wp-block-heading has-text-align-left\">Biography<\/h2>\r\n\r\n\r\n\r\n<p class=\"has-medium-font-size\"><br><br>Michael Pflumm, born in the South of Germany (Hechingen\/Hohenzollern) first studied music education as well as Jazz and popular music at the University of Music Trossingen. He subsequently completed his vocal studies at the Freiburg University of Music and became a member of the opera studio of the Theater Basel.<\/p>\r\n\r\n\r\n\r\n<p class=\"has-medium-font-size\"><br>\r\nAfter his studies he became a member of the soloist ensemble of the Deutsche Oper am Rhein D\u00fcsseldorf\/Duisburg, Theater Bielefeld and the Komische Oper Berlin.&nbsp;Since 2015 he is freelancing.<\/p>\r\n\r\n\r\n\r\n<p class=\"has-medium-font-size\"><br>\r\nIn recent seasons Michael Pflumm appeared for example at the Teatro alla Scala Milan (<em>Elektra<\/em>), Op\u00e9ra National de Paris \/ Bastille (<em>Moses und Aron<\/em>), Teatro Real in Madrid (world premiere&nbsp;<em>La ciudad des las mentiras<\/em>&nbsp;and&nbsp;<em>Moses und Aron<\/em>), Palau de les Arts Valencia (<em>Elektra<\/em>), Nationale Opera Amsterdam (Humperdinck&nbsp;<em>Die K\u00f6nigskinder<\/em>), State Opera Hannover (Schreker&nbsp;<em>Die Gezeichneten<\/em>,&nbsp;<em>West Side Story<\/em>), Semperoper Dresden (Toch&nbsp;<em>The Princess and the Pea<\/em>), Oper K\u00f6ln (<em>Die Gezeichneten<\/em>), Bonn (<em>Elektra<\/em>), Oper Leipzig (<em>Lobgesang<\/em>), State Opera Braunschweig (Zandonai&nbsp;<em>Giulietta e Romeo<\/em>, Hubay&nbsp;<em>Anna Karenina<\/em>, Krenek&nbsp;<em>Der Diktator<\/em>), Kassel and Saarbr\u00fccken (<em>West Side Story<\/em>),&nbsp;Freiburg (<em>Rise and Fall of the City Mahagonny<\/em>&nbsp;and&nbsp;<em>Pique Dame<\/em>), Bremen (<em>Idomeneo<\/em>) or at festivals like the Wiener Festwochen (Mahler&nbsp;<em>Das Lied von der Erde<\/em>), the Enescu-Festival Bucharest (<em>Die Frau ohne Schatten&nbsp;<\/em>and&nbsp;<em>Moses und Aron<\/em>) and the Musikfest Berlin (<em>Die&nbsp;<\/em><em>Frau ohne Schatten<\/em>).<\/p>\r\n\r\n\r\n\r\n<p class=\"has-medium-font-size\"><br>\r\nAn advocate for contemporary music and as a guest of the Neue Vocalsolisten Stuttgart he has sung at the Salzburg Festival, in La Monnaie Brussels, Casa da Musical Porto, at the Festival Nous Sons Barcelona, Tongyeong International Music Festival South Korea as well as the Printemps des Arts Monaco.<\/p>\r\n\r\n\r\n\r\n<p class=\"has-medium-font-size\"><br>\r\nMichael Pflumm sang with the Berliner Philharmoniker, Radio Symphoniy Orchestra, Deutsches-Symphonie-Orchester and Konzerthausorchester Berlin, with the Polish National Radio Symphony Orchestra (NOSPR) in Kattowitz, BBC Scottish Symphony Orchestra in Glasgow, Klangforum Wien in the BOZAR in Brussels, Collegium Novum Z\u00fcrich in the Tonhalle Z\u00fcrich, further appearances with the Jenaer Philharmonie (<em>Das Lied von der Erde<\/em>),&nbsp;Sinfonieorchester Basel, Philharmonie Baden-Baden, Staatskapelle Halle or Sinfonieorchester Wuppertal and worked with conductors like Sir Simon Rattle, Vladimir Jurowski, Lothar Zagrosek, Philippe Jordan, Esa-Pekka Salonen and Iv\u00e1n Fischer.&nbsp;<\/p>\r\n\r\n\r\n\t<\/div>\n\r\n<\/div>\n\r\n<\/div>\n<\/div><\/div>\r\n\r\n\r\n<div class=\"wp-bootstrap-blocks-row row repertoire\">\n\t\r\n\n<div class=\"col-12 col-md-12 p-0\">\n\t\t\t\r\n\r\n<figure class=\"wp-block-image size-full mb-2\"><a href=\"http:\/\/www.michaelpflumm.de\/wp-content\/uploads\/2025\/07\/2025-Repertoire-Michael-Pflumm.pdf\" target=\"_blank\" rel=\" noreferrer noopener\"><img loading=\"lazy\" decoding=\"async\" width=\"166\" height=\"56\" src=\"http:\/\/www.michaelpflumm.de\/wp-content\/uploads\/2025\/07\/Repertoire.png\" alt=\"\" class=\"wp-image-352\"\/><\/a><\/figure>\r\n\r\n\r\n\r\n<figure class=\"wp-block-image size-full px-2\"><a href=\"https:\/\/www.operabase.com\/michael-pflumm-a12318\/de\" target=\"_blank\" rel=\" noreferrer noopener\"><img loading=\"lazy\" decoding=\"async\" width=\"156\" height=\"55\" src=\"http:\/\/www.michaelpflumm.de\/wp-content\/uploads\/2025\/07\/Screenshot-2025-07-31-181816.png\" alt=\"\" class=\"wp-image-446\"\/><\/a><\/figure>\r\n\r\n\t<\/div>\n\r\n<\/div>\n<\/div><\/section>\r\n\r\n\r\n\r\n<section id=\"neues\" class=\"wp-block-group news-section has-white-color has-primary-color-background-color has-text-color has-background has-link-color wp-elements-64debbaf24f7fc42f55542a99a4179e5\"><div class=\"wp-block-group__inner-container is-layout-constrained wp-block-group-is-layout-constrained\">\r\n<div style=\"height:100px\" aria-hidden=\"true\" class=\"wp-block-spacer\"><\/div>\r\n\r\n\r\n\r\n<h2 class=\"wp-block-heading has-text-align-center\">News<\/h2>\r\n\r\n\r\n\r\n<div style=\"height:100px\" aria-hidden=\"true\" class=\"wp-block-spacer\"><\/div>\r\n\r\n\r\n<div class=\"wp-bootstrap-blocks-container container mb-2\">\n\t\r\n<div class=\"wp-bootstrap-blocks-row row justify-content-center\">\n\t\r\n\n<div class=\"col-12 col-md-12 col-xl-10 col-xxl-8\">\n\t\t\t<div class=\"h-100 d-flex flex-column justify-content-center\">\n\t\t\t\r\n<div class=\"wp-bootstrap-blocks-row row space-border py-4 py-md-2\">\n\t\r\n\n<div class=\"col-12 col-md-4\">\n\t\t\t<div class=\"h-100 d-flex flex-column justify-content-center\">\n\t\t\t\r\n\r\n<p><\/p>\r\n\r\n\t\t<\/div>\n\t<\/div>\n\r\n\r\n\n<div class=\"col-12 col-md-4\">\n\t\t\t<div class=\"h-100 d-flex flex-column justify-content-center\">\n\t\t\t\r\n\r\n<p><\/p>\r\n\r\n\t\t<\/div>\n\t<\/div>\n\r\n\r\n\n<div class=\"col-12 col-md-4\">\n\t\t\t<div class=\"h-100 d-flex flex-column justify-content-center\">\n\t\t\t\t\t<\/div>\n\t<\/div>\n\r\n<\/div>\n\r\n\r\n<div class=\"wp-bootstrap-blocks-row row space-border py-4 py-md-2\">\n\t\r\n\n<div class=\"col-12 col-md-4\">\n\t\t\t<div class=\"h-100 d-flex flex-column justify-content-center\">\n\t\t\t\r\n\r\n<p><\/p>\r\n\r\n\t\t<\/div>\n\t<\/div>\n\r\n\r\n\n<div class=\"col-12 col-md-4\">\n\t\t\t<div class=\"h-100 d-flex flex-column justify-content-center\">\n\t\t\t\r\n\r\n<p><\/p>\r\n\r\n\t\t<\/div>\n\t<\/div>\n\r\n\r\n\n<div class=\"col-12 col-md-4\">\n\t\t\t<div class=\"h-100 d-flex flex-column justify-content-center\">\n\t\t\t\t\t<\/div>\n\t<\/div>\n\r\n<\/div>\n\r\n\r\n<div class=\"wp-bootstrap-blocks-row row py-4 py-md-2\">\n\t\r\n\n<div class=\"col-12 col-md-4\">\n\t\t\t<div class=\"h-100 d-flex flex-column justify-content-center\">\n\t\t\t\r\n\r\n<p><\/p>\r\n\r\n\t\t<\/div>\n\t<\/div>\n\r\n\r\n\n<div class=\"col-12 col-md-4\">\n\t\t\t<div class=\"h-100 d-flex flex-column justify-content-center\">\n\t\t\t\r\n\r\n<p><\/p>\r\n\r\n\t\t<\/div>\n\t<\/div>\n\r\n\r\n\n<div class=\"col-12 col-md-4\">\n\t\t\t<div class=\"h-100 d-flex flex-column justify-content-center\">\n\t\t\t\t\t<\/div>\n\t<\/div>\n\r\n<\/div>\n\r\n\t\t<\/div>\n\t<\/div>\n\r\n\r\n\n<div class=\"col-12 col-md-6\">\n\t\t\t\t<\/div>\n\r\n<\/div>\n\r\n<\/div>\n\r\n\r\n\r\n<div style=\"height:100px\" aria-hidden=\"true\" class=\"wp-block-spacer\"><\/div>\r\n<\/div><\/section>\r\n\r\n\r\n\r\n<section id=\"impressionen\" class=\"wp-block-group has-white-color has-primary-color-background-color has-text-color has-background has-link-color wp-elements-2a3bcf845b1244e639492e0e6a5845a3\"><div class=\"wp-block-group__inner-container is-layout-constrained wp-block-group-is-layout-constrained\"><div class=\"wp-bootstrap-blocks-container container mb-2\">\n\t\r\n\r\n<div style=\"height:100px\" aria-hidden=\"true\" class=\"wp-block-spacer\"><\/div>\r\n\r\n\r\n\r\n<h2 class=\"wp-block-heading has-text-align-center mb-4 mb-md-6\">Impressions<\/h2>\r\n\r\n\r\n<div class=\"pgc-sgb-cb wp-block-pgcsimplygalleryblock-masonry \" data-gallery-id=\"a6f53149\"><div class=\"sgb-preloader\" id=\"pr_a6f53149\">\n\t<div class=\"sgb-square\" style=\"background:#d4d4d4\"><\/div>\n\t<div class=\"sgb-square\" style=\"background:#d4d4d4\"><\/div>\n\t<div class=\"sgb-square\" style=\"background:#d4d4d4\"><\/div>\n\t<div class=\"sgb-square\" style=\"background:#d4d4d4\"><\/div><\/div><div class=\"simply-gallery-amp pgc_sgb_slider \" style=\"display: none;\"><div class=\"sgb-gallery\"><div class=\"sgb-item\"><a href=\"http:\/\/www.michaelpflumm.de\/478\/\" target=\"_blank\"><img decoding=\"async\" alt=\"\" width=\"413\" height=\"619\" loading=\"lazy\" src=\"http:\/\/www.michaelpflumm.de\/wp-content\/uploads\/2025\/07\/478.png\" srcset=\",http:\/\/www.michaelpflumm.de\/wp-content\/uploads\/2025\/07\/478.png 413w\" sizes=\"auto, 250px\"\/><\/a><\/div><div class=\"sgb-item\"><a href=\"http:\/\/www.michaelpflumm.de\/impressionen\/\" target=\"_blank\"><img decoding=\"async\" alt=\"\" width=\"2000\" height=\"3000\" loading=\"lazy\" src=\"http:\/\/www.michaelpflumm.de\/wp-content\/uploads\/2025\/07\/impressionen.jpg\" srcset=\",http:\/\/www.michaelpflumm.de\/wp-content\/uploads\/2025\/07\/impressionen.jpg 2000w\" sizes=\"auto, 250px\"\/><\/a><\/div><div class=\"sgb-item\"><a href=\"http:\/\/www.michaelpflumm.de\/impressionen2\/\" target=\"_blank\"><img decoding=\"async\" alt=\"\" width=\"3000\" height=\"2000\" loading=\"lazy\" src=\"http:\/\/www.michaelpflumm.de\/wp-content\/uploads\/2025\/07\/impressionen2.jpg\" srcset=\",http:\/\/www.michaelpflumm.de\/wp-content\/uploads\/2025\/07\/impressionen2.jpg 3000w\" sizes=\"auto, 250px\"\/><\/a><\/div><div class=\"sgb-item\"><a href=\"http:\/\/www.michaelpflumm.de\/impressionen3\/\" target=\"_blank\"><img decoding=\"async\" alt=\"\" width=\"2000\" height=\"3000\" loading=\"lazy\" src=\"http:\/\/www.michaelpflumm.de\/wp-content\/uploads\/2025\/07\/impressionen3.jpg\" srcset=\",http:\/\/www.michaelpflumm.de\/wp-content\/uploads\/2025\/07\/impressionen3.jpg 2000w\" sizes=\"auto, 250px\"\/><\/a><\/div><div class=\"sgb-item\"><a href=\"http:\/\/www.michaelpflumm.de\/impressionen4\/\" target=\"_blank\"><img decoding=\"async\" alt=\"\" width=\"2000\" height=\"3000\" loading=\"lazy\" src=\"http:\/\/www.michaelpflumm.de\/wp-content\/uploads\/2025\/07\/impressionen4.jpg\" srcset=\",http:\/\/www.michaelpflumm.de\/wp-content\/uploads\/2025\/07\/impressionen4.jpg 2000w\" sizes=\"auto, 250px\"\/><\/a><\/div><div class=\"sgb-item\"><a href=\"http:\/\/www.michaelpflumm.de\/3-impressionen-cmentiras-2885\/\" target=\"_blank\"><img decoding=\"async\" alt=\"\" width=\"773\" height=\"646\" loading=\"lazy\" src=\"http:\/\/www.michaelpflumm.de\/wp-content\/uploads\/2025\/07\/3.-Impressionen-CMentiras-2885.jpg\" srcset=\",http:\/\/www.michaelpflumm.de\/wp-content\/uploads\/2025\/07\/3.-Impressionen-CMentiras-2885.jpg 773w\" sizes=\"auto, 250px\"\/><\/a><\/div><\/div><\/div><script type=\"application\/json\" class=\"sgb-data\">{\"collectionColumns\":2,\"thumbSpacing\":40,\"thumbMobileSpacing\":20,\"galleryType\":\"pgc_sgb_masonry\",\"galleryId\":\"a6f53149\",\"images\":[{\"id\":70,\"title\":\"478\",\"url\":\"http:\/\/www.michaelpflumm.de\/wp-content\/uploads\/2025\/07\/478.png\",\"link\":\"http:\/\/www.michaelpflumm.de\/478\/\",\"alt\":\"\",\"description\":\"\",\"caption\":\"\",\"mime\":\"image\/png\",\"type\":\"image\",\"width\":413,\"height\":619,\"sizes\":{\"full\":{\"url\":\"http:\/\/www.michaelpflumm.de\/wp-content\/uploads\/2025\/07\/478.png\",\"height\":619,\"width\":413,\"orientation\":\"portrait\"}},\"imageMeta\":{\"aperture\":\"0\",\"credit\":\"\",\"camera\":\"\",\"caption\":\"\",\"created_timestamp\":\"0\",\"copyright\":\"\",\"focal_length\":\"0\",\"iso\":\"0\",\"shutter_speed\":\"0\",\"title\":\"\",\"orientation\":\"0\",\"keywords\":[]},\"meta\":false,\"postlink\":\"http:\/\/www.michaelpflumm.de\/478\/\"},{\"id\":20,\"title\":\"impressionen\",\"url\":\"http:\/\/www.michaelpflumm.de\/wp-content\/uploads\/2025\/07\/impressionen.jpg\",\"link\":\"http:\/\/www.michaelpflumm.de\/impressionen\/\",\"alt\":\"\",\"description\":\"\",\"caption\":\"\",\"mime\":\"image\/jpeg\",\"type\":\"image\",\"width\":2000,\"height\":3000,\"sizes\":{\"full\":{\"url\":\"http:\/\/www.michaelpflumm.de\/wp-content\/uploads\/2025\/07\/impressionen.jpg\",\"height\":3000,\"width\":2000,\"orientation\":\"portrait\"}},\"imageMeta\":{\"aperture\":\"0\",\"credit\":\"\",\"camera\":\"\",\"caption\":\"\",\"created_timestamp\":\"1697397581\",\"copyright\":\"\",\"focal_length\":\"0\",\"iso\":\"0\",\"shutter_speed\":\"0\",\"title\":\"\",\"orientation\":\"1\",\"keywords\":[]},\"meta\":false,\"postlink\":\"http:\/\/www.michaelpflumm.de\/impressionen\/\"},{\"id\":21,\"title\":\"impressionen2\",\"url\":\"http:\/\/www.michaelpflumm.de\/wp-content\/uploads\/2025\/07\/impressionen2.jpg\",\"link\":\"http:\/\/www.michaelpflumm.de\/impressionen2\/\",\"alt\":\"\",\"description\":\"\",\"caption\":\"\",\"mime\":\"image\/jpeg\",\"type\":\"image\",\"width\":3000,\"height\":2000,\"sizes\":{\"full\":{\"url\":\"http:\/\/www.michaelpflumm.de\/wp-content\/uploads\/2025\/07\/impressionen2.jpg\",\"height\":2000,\"width\":3000,\"orientation\":\"landscape\"}},\"imageMeta\":{\"aperture\":\"0\",\"credit\":\"\",\"camera\":\"\",\"caption\":\"\",\"created_timestamp\":\"1519212619\",\"copyright\":\"\",\"focal_length\":\"0\",\"iso\":\"0\",\"shutter_speed\":\"0\",\"title\":\"\",\"orientation\":\"0\",\"keywords\":[]},\"meta\":false,\"postlink\":\"http:\/\/www.michaelpflumm.de\/impressionen2\/\"},{\"id\":22,\"title\":\"impressionen3\",\"url\":\"http:\/\/www.michaelpflumm.de\/wp-content\/uploads\/2025\/07\/impressionen3.jpg\",\"link\":\"http:\/\/www.michaelpflumm.de\/impressionen3\/\",\"alt\":\"\",\"description\":\"\",\"caption\":\"\",\"mime\":\"image\/jpeg\",\"type\":\"image\",\"width\":2000,\"height\":3000,\"sizes\":{\"full\":{\"url\":\"http:\/\/www.michaelpflumm.de\/wp-content\/uploads\/2025\/07\/impressionen3.jpg\",\"height\":3000,\"width\":2000,\"orientation\":\"portrait\"}},\"imageMeta\":{\"aperture\":\"0\",\"credit\":\"\",\"camera\":\"\",\"caption\":\"\",\"created_timestamp\":\"1519217660\",\"copyright\":\"\",\"focal_length\":\"0\",\"iso\":\"0\",\"shutter_speed\":\"0\",\"title\":\"\",\"orientation\":\"0\",\"keywords\":[]},\"meta\":false,\"postlink\":\"http:\/\/www.michaelpflumm.de\/impressionen3\/\"},{\"id\":23,\"title\":\"impressionen4\",\"url\":\"http:\/\/www.michaelpflumm.de\/wp-content\/uploads\/2025\/07\/impressionen4.jpg\",\"link\":\"http:\/\/www.michaelpflumm.de\/impressionen4\/\",\"alt\":\"\",\"description\":\"\",\"caption\":\"\",\"mime\":\"image\/jpeg\",\"type\":\"image\",\"width\":2000,\"height\":3000,\"sizes\":{\"full\":{\"url\":\"http:\/\/www.michaelpflumm.de\/wp-content\/uploads\/2025\/07\/impressionen4.jpg\",\"height\":3000,\"width\":2000,\"orientation\":\"portrait\"}},\"imageMeta\":{\"aperture\":\"0\",\"credit\":\"\",\"camera\":\"\",\"caption\":\"\",\"created_timestamp\":\"1519224612\",\"copyright\":\"\",\"focal_length\":\"0\",\"iso\":\"0\",\"shutter_speed\":\"0\",\"title\":\"\",\"orientation\":\"0\",\"keywords\":[]},\"meta\":false,\"postlink\":\"http:\/\/www.michaelpflumm.de\/impressionen4\/\"},{\"id\":63,\"title\":\"3. Impressionen (CMentiras 2885)\",\"url\":\"http:\/\/www.michaelpflumm.de\/wp-content\/uploads\/2025\/07\/3.-Impressionen-CMentiras-2885.jpg\",\"link\":\"http:\/\/www.michaelpflumm.de\/3-impressionen-cmentiras-2885\/\",\"alt\":\"\",\"description\":\"\",\"caption\":\"\",\"mime\":\"image\/jpeg\",\"type\":\"image\",\"width\":773,\"height\":646,\"sizes\":{\"full\":{\"url\":\"http:\/\/www.michaelpflumm.de\/wp-content\/uploads\/2025\/07\/3.-Impressionen-CMentiras-2885.jpg\",\"height\":646,\"width\":773,\"orientation\":\"landscape\"}},\"imageMeta\":{\"aperture\":\"2.8\",\"credit\":\"\",\"camera\":\"SLT-A99V\",\"caption\":\"\",\"created_timestamp\":\"1338510047\",\"copyright\":\"\",\"focal_length\":\"200\",\"iso\":\"1250\",\"shutter_speed\":\"0.004\",\"title\":\"\",\"orientation\":\"1\",\"keywords\":[]},\"meta\":false,\"postlink\":\"http:\/\/www.michaelpflumm.de\/3-impressionen-cmentiras-2885\/\"}],\"sliderBgColor\":\"rgba(35,31,32,1)\",\"itemsMetaDataCollection\":[]}<\/script><script>(function(){if(window.PGC_SGB && window.PGC_SGB.searcher){window.PGC_SGB.searcher.initBlocks()}})()<\/script><\/div>\r\n\r\n<div class=\"wp-block-image loadmorebuttonGallery pt-10\">\r\n<figure class=\"aligncenter size-full\" id=\"loadmorebuttonGallery\"><img loading=\"lazy\" decoding=\"async\" width=\"46\" height=\"48\" src=\"http:\/\/www.michaelpflumm.de\/wp-content\/uploads\/2025\/07\/hp_michaelpflumm_pfeil_weiter.png\" alt=\"\" class=\"wp-image-151\"\/><\/figure>\r\n<\/div>\r\n\r\n\r\n<div style=\"height:100px\" aria-hidden=\"true\" class=\"wp-block-spacer\"><\/div>\r\n\r\n<\/div>\n<\/div><\/section>\r\n\r\n\r\n\r\n<section id=\"medien\" class=\"wp-block-group has-white-color has-primary-color-background-color has-text-color has-background has-link-color wp-elements-50697fb865b8e8e2b1fb38ab7dcb3e31\"><div class=\"wp-block-group__inner-container is-layout-constrained wp-block-group-is-layout-constrained\"><div class=\"wp-bootstrap-blocks-container container mb-2\">\n\t\r\n\r\n<div style=\"height:100px\" aria-hidden=\"true\" class=\"wp-block-spacer\"><\/div>\r\n\r\n\r\n\r\n<h2 class=\"wp-block-heading has-text-align-center\">Media<\/h2>\r\n\r\n\r\n\r\n<div style=\"height:100px\" aria-hidden=\"true\" class=\"wp-block-spacer\"><\/div>\r\n\r\n\r\n<div class=\"video-slider space-border pb-5\"><div class=\"slide\"><div class=\"video\"><iframe loading=\"lazy\" width=\"560\" height=\"315\" src=\"https:\/\/www.youtube.com\/embed\/zxYX6Xqu4tk?si=1iJ3x7SdfJXElT1Q\" frameborder=\"0\" allow=\"accelerometer; autoplay; encrypted-media; gyroscope; picture-in-picture\" allowfullscreen><\/iframe><\/div><div class=\"video\"><iframe loading=\"lazy\" width=\"560\" height=\"315\" src=\"https:\/\/www.youtube.com\/embed\/tC3DbGhsqFI?si=qQTkKrNCIq8qUJvu\" frameborder=\"0\" allow=\"accelerometer; autoplay; encrypted-media; gyroscope; picture-in-picture\" allowfullscreen><\/iframe><\/div><\/div><button class=\"prev\">&#10094;<\/button><button class=\"next\">&#10095;<\/button><\/div>\r\n\r\n\r\n<div style=\"height:50px\" aria-hidden=\"true\" class=\"wp-block-spacer\"><\/div>\r\n\r\n\r\n<div class=\"wp-bootstrap-blocks-row row gx-5\">\n\t\r\n\n<div class=\"col-12 col-md-4\">\n\t\t\t\r\n\r\n<p class=\"has-text-align-center\">Leonard Bernstein<br>WEST SIDE STORY<em><br>Maria<\/em><\/p>\r\n\r\n\r\n\r\n<figure class=\"wp-block-audio mt-4 mb-5\"><audio controls src=\"http:\/\/www.michaelpflumm.de\/wp-content\/uploads\/2025\/07\/West_Side_Story_Maria_Michael_Pflumm.mp3\"><\/audio><\/figure>\r\n\r\n\t<\/div>\n\r\n\r\n\n<div class=\"col-12 col-md-4\">\n\t\t\t\r\n\r\n<p class=\"has-text-align-center\">L\u00e9os J\u00e1n\u00e1cek<br>AUS EINEM TOTENHAUS<br><em>(Aljeja) Ausschnitte<\/em><\/p>\r\n\r\n\r\n\r\n<figure class=\"wp-block-audio mt-4 mb-5\"><audio controls src=\"http:\/\/www.michaelpflumm.de\/wp-content\/uploads\/2025\/07\/Totenhaus_Aljeja_Michael_Pflumm.mp3\"><\/audio><\/figure>\r\n\r\n\t<\/div>\n\r\n\r\n\n<div class=\"col-12 col-md-4\">\n\t\t\t\r\n\r\n<p class=\"has-text-align-center\">Richard Strauss<br>ELEKTRA<br><em>(Junger Diener)<\/em><\/p>\r\n\r\n\r\n\r\n<figure class=\"wp-block-audio mt-4\"><audio controls src=\"http:\/\/www.michaelpflumm.de\/wp-content\/uploads\/2025\/07\/Elektra_Michael_Pflumm_Premiere_Scala_Mailand.mp3\"><\/audio><\/figure>\r\n\r\n\t<\/div>\n\r\n<\/div>\n\r\n\r\n<div class=\"wp-bootstrap-blocks-row row gx-5\">\n\t\r\n\n<div class=\"col-12 col-md-4\">\n\t\t\t\r\n\r\n<p class=\"has-text-align-center\">Gustav Mahler<br>DAS LIED VON DER ERDE<br>V. <em>Der Trunkene im Fr\u00fchling<\/em><\/p>\r\n\r\n\r\n\r\n<figure class=\"wp-block-audio mt-4 mb-5\"><audio controls src=\"http:\/\/www.michaelpflumm.de\/wp-content\/uploads\/2025\/08\/Mahler-DAS-LIED-VON-DER-ERDE-\uff025.-Der-Trunkene-im-Fruehling\uff02-Michael-Pflumm-Tenor.mp3\"><\/audio><\/figure>\r\n\r\n\t<\/div>\n\r\n\r\n\n<div class=\"col-12 col-md-4\">\n\t\t\t\r\n\r\n<p class=\"has-text-align-center\">Leonard Bernstein<br>CANDIDE<br><em>Lamento (It must be me)<\/em><\/p>\r\n\r\n\r\n\r\n<figure class=\"wp-block-audio mt-4 mb-5\"><audio controls src=\"http:\/\/www.michaelpflumm.de\/wp-content\/uploads\/2025\/08\/2020-Bernstein-CANDIDE-22Candides-Lament22.mp3\"><\/audio><\/figure>\r\n\r\n\t<\/div>\n\r\n\r\n\n<div class=\"col-12 col-md-4\">\n\t\t\t\r\n\r\n<p class=\"has-text-align-center\">Mauricio Kagel<br>IN DER MATRATZENGRUFT<br>IV.<\/p>\r\n\r\n\r\n\r\n<figure class=\"wp-block-audio mt-4\"><audio controls src=\"http:\/\/www.michaelpflumm.de\/wp-content\/uploads\/2025\/08\/2017-Kagel-IN-DER-MATRATZENGRUFT-IV.mp3\"><\/audio><\/figure>\r\n\r\n\t<\/div>\n\r\n\r\n\n<div class=\"col-12 col-md-4\">\n\t\t\t\r\n\r\n<p class=\"has-text-align-center\">Arnold Sch\u00f6nberg<br>DIE JAKOBSLEITER<br><em>Ein Berufener<\/em><\/p>\r\n\r\n\r\n\r\n<figure class=\"wp-block-audio mt-4 mb-5\"><audio controls src=\"http:\/\/www.michaelpflumm.de\/wp-content\/uploads\/2025\/08\/2017-Schoenberg-Ein-Berufener.mp3\"><\/audio><\/figure>\r\n\r\n\t<\/div>\n\r\n\r\n\n<div class=\"col-12 col-md-4\">\n\t\t\t\r\n\r\n<p class=\"has-text-align-center\">Arnold Sch\u00f6nberg<br>MOSES UND ARON<br><em>Gedankenhoch (J\u00fcngling)<\/em><\/p>\r\n\r\n\r\n\r\n<figure class=\"wp-block-audio mt-4 mb-5\"><audio controls src=\"http:\/\/www.michaelpflumm.de\/wp-content\/uploads\/2025\/08\/2015_Moses_und_Aron_Michael_Pflumm.mp3\"><\/audio><\/figure>\r\n\r\n\t<\/div>\n\r\n\r\n\n<div class=\"col-12 col-md-4\">\n\t\t\t\r\n\r\n<p class=\"has-text-align-center\">H\u00e4ndel \/ Mozart<br>DER MESSIAS<br><em>Erwach, zu Liedern der Wonne<\/em><\/p>\r\n\r\n\r\n\r\n<figure class=\"wp-block-audio mt-4\"><audio controls src=\"http:\/\/www.michaelpflumm.de\/wp-content\/uploads\/2025\/08\/2014-Michael_Pflumm_Messias_Haendel_Mozart-Fassung_Erwach.mp3\"><\/audio><\/figure>\r\n\r\n\t<\/div>\n\r\n<\/div>\n\r\n\r\n\r\n<div style=\"height:100px\" aria-hidden=\"true\" class=\"wp-block-spacer\"><\/div>\r\n\r\n\r\n\r\n<div style=\"height:100px\" aria-hidden=\"true\" class=\"wp-block-spacer\"><\/div>\r\n\r\n<\/div>\n<\/div><\/section>\r\n\r\n\r\n\r\n<section id=\"kalender\" class=\"wp-block-group has-white-color has-primary-color-background-color has-text-color has-background has-link-color wp-elements-5773d8ebe59e3cb1cc14675e87b0298e\"><div class=\"wp-block-group__inner-container is-layout-constrained wp-block-group-is-layout-constrained\">\r\n<div style=\"height:100px\" aria-hidden=\"true\" class=\"wp-block-spacer\"><\/div>\r\n\r\n\r\n<div class=\"wp-bootstrap-blocks-container container mb-2\">\n\t\r\n\r\n<h2 class=\"wp-block-heading has-text-align-left mb-6\">Calendar 2025\/2026<\/h2>\r\n\r\n\r\n<div class=\"wp-bootstrap-blocks-row row space-border kalendereintrag\">\n\t\r\n\n<div class=\"col-12 col-md-3\">\n\t\t\t\r\n\r\n<p>04.09.2025<\/p>\r\n\r\n\t<\/div>\n\r\n\r\n\n<div class=\"col-12 col-md-4\">\n\t\t\t\r\n\r\n<p>Lieder von Reimann,<br>Schumann, Schubert, Brahms<\/p>\r\n\r\n\t<\/div>\n\r\n\r\n\n<div class=\"col-12 col-md-5\">\n\t\t\t\r\n\r\n<p>Akademie der K\u00fcnste Berlin-Brandenburg<\/p>\r\n\r\n\t<\/div>\n\r\n<\/div>\n\r\n\r\n<div class=\"wp-bootstrap-blocks-row row space-border kalendereintrag\">\n\t\r\n\n<div class=\"col-12 col-md-3\">\n\t\t\t\r\n\r\n<p>30.09.2025<\/p>\r\n\r\n\t<\/div>\n\r\n\r\n\n<div class=\"col-12 col-md-4\">\n\t\t\t\r\n\r\n<p>\u201eIrgendwo dazwischen\u201c Crossover-Konzert mit Wolfgang Fischer (Piano)<\/p>\r\n\r\n\t<\/div>\n\r\n\r\n\n<div class=\"col-12 col-md-5\">\n\t\t\t\r\n\r\n<p>Stauffenberg-Schloss Albstadt-Lautlingen<\/p>\r\n\r\n\t<\/div>\n\r\n<\/div>\n\r\n\r\n<div class=\"wp-bootstrap-blocks-row row space-border kalendereintrag\">\n\t\r\n\n<div class=\"col-12 col-md-3\">\n\t\t\t\r\n\r\n<p>23.11.2025<\/p>\r\n\r\n\t<\/div>\n\r\n\r\n\n<div class=\"col-12 col-md-4\">\n\t\t\t\r\n\r\n<p>Requiem (Verdi)<\/p>\r\n\r\n\t<\/div>\n\r\n\r\n\n<div class=\"col-12 col-md-5\">\n\t\t\t\r\n\r\n<p>Ev. Stadtkirche Karlsruhe<\/p>\r\n\r\n\t<\/div>\n\r\n<\/div>\n\r\n\r\n<div class=\"wp-bootstrap-blocks-row row space-border kalendereintrag\">\n\t\r\n\n<div class=\"col-12 col-md-3\">\n\t\t\t\r\n\r\n<p>28.11.2025<\/p>\r\n\r\n\t<\/div>\n\r\n\r\n\n<div class=\"col-12 col-md-4\">\n\t\t\t\r\n\r\n<p>Auditorium Paris mit Radio<br>France, Sinfonia (Berio)<\/p>\r\n\r\n\t<\/div>\n\r\n\r\n\n<div class=\"col-12 col-md-5\">\n\t\t\t\r\n\r\n<p>Maison de la Radio et de la Musique<\/p>\r\n\r\n\t<\/div>\n\r\n<\/div>\n\r\n\r\n<div class=\"wp-bootstrap-blocks-row row space-border kalendereintrag\">\n\t\r\n\n<div class=\"col-12 col-md-3\">\n\t\t\t\r\n\r\n<p>06.12.2025<\/p>\r\n\r\n\t<\/div>\n\r\n\r\n\n<div class=\"col-12 col-md-4\">\n\t\t\t\r\n\r\n<p>Musical-Gala<\/p>\r\n\r\n\t<\/div>\n\r\n\r\n\n<div class=\"col-12 col-md-5\">\n\t\t\t\r\n\r\n<p>Herbrechtingen<\/p>\r\n\r\n\t<\/div>\n\r\n<\/div>\n\r\n\r\n<div class=\"wp-block-image loadmorebutton pt-10\">\r\n<figure class=\"aligncenter size-full\" id=\"loadmorebutton\"><img loading=\"lazy\" decoding=\"async\" width=\"46\" height=\"48\" src=\"http:\/\/www.michaelpflumm.de\/wp-content\/uploads\/2025\/07\/hp_michaelpflumm_pfeil_weiter.png\" alt=\"\" class=\"wp-image-151\"\/><\/figure>\r\n<\/div>\r\n\r\n<div class=\"wp-bootstrap-blocks-row row space-border verborgen kalendereintrag d-none\">\n\t\r\n\n<div class=\"col-12 col-md-3\">\n\t\t\t\r\n\r\n<p><\/p>\r\n\r\n\t<\/div>\n\r\n\r\n\n<div class=\"col-12 col-md-4\">\n\t\t\t\t<\/div>\n\r\n\r\n\n<div class=\"col-12 col-md-5\">\n\t\t\t\r\n\r\n<p><\/p>\r\n\r\n\t<\/div>\n\r\n<\/div>\n\r\n<\/div>\n\r\n\r\n\r\n<div style=\"height:100px\" aria-hidden=\"true\" class=\"wp-block-spacer\"><\/div>\r\n<\/div><\/section>\r\n\r\n\r\n\r\n<section id=\"kontakt\" class=\"wp-block-group has-white-color has-primary-color-background-color has-text-color has-background has-link-color wp-elements-42cd43fcde6119ad7a22473bce7f4eea\"><div class=\"wp-block-group__inner-container is-layout-constrained wp-block-group-is-layout-constrained\"><div class=\"wp-bootstrap-blocks-row row\">\n\t\r\n\n<div class=\"col-12 col-md-5 offset-md-1 column-center order-2 order-md-1\">\n\t\t\t\r\n<div class='vertikalalign-parent'><div class='vertikalalign-center'><h2 class='mb-5 mb-md-8'>Contact<\/h2><div class='mb-5 mb-md-8'>Opera4u.com<br \/>\r\nMag. Leo Krischke<\/div><div class=\"d-md-flex justify-content-center\"><div class=\"whatsapp-icon social-icon\"><a href=\"tel:+49 (0)30 83 740 455\"><img decoding=\"async\" src=\"http:\/\/www.michaelpflumm.de\/wp-content\/themes\/michaelpflumm\/img\/whatsapp.png\" alt=\"Beschreibung\"><\/a><\/div><div class=\"px-3\">Michael Pflumm<br\/><a href=\"tel:+49 (0)30 83 740 455\">+49 (0)30 83 740 455<\/a><br\/><br\/><a href=\"mailto:info@michaelpflumm.com\">info@michaelpflumm.com<\/a><\/div><\/div><div class=\"d-flex pt-5 pt-md-6 justify-content-center justify-content-md-start\"><div class=\"youtube-ico social-icon\"><a href=\"https:\/\/www.youtube.com\/@myaccount1886\" target=\"_blank\"><img decoding=\"async\" src=\"http:\/\/www.michaelpflumm.de\/wp-content\/themes\/michaelpflumm\/img\/yt.png\" alt=\"Beschreibung\"><\/a><\/div><\/div><\/div><\/div>\r\n\t<\/div>\n\r\n\r\n\n<div class=\"col-12 col-md-6 order-1 order-md-2\">\n\t\t\t\r\n\r\n<figure class=\"wp-block-image size-full maxheight\"><img loading=\"lazy\" decoding=\"async\" width=\"3840\" height=\"5760\" src=\"http:\/\/www.michaelpflumm.de\/wp-content\/uploads\/2025\/07\/5.-Kontakt-142.jpg\" alt=\"\" class=\"wp-image-64\"\/><\/figure>\r\n\r\n\t<\/div>\n\r\n<\/div>\n<\/div><\/section>\r\n","protected":false},"excerpt":{"rendered":"<p>Biography Michael Pflumm, born in the South of Germany (Hechingen\/Hohenzollern) first studied music education as well as Jazz and popular music at the University of Music Trossingen. He subsequently completed his vocal studies at the Freiburg University of Music and became a member of the opera studio of the Theater Basel. After his studies he [&hellip;]<\/p>\n","protected":false},"author":1,"featured_media":0,"parent":0,"menu_order":0,"comment_status":"closed","ping_status":"closed","template":"","meta":{"pgc_sgb_lightbox_settings":"","footnotes":""},"class_list":["post-2","page","type-page","status-publish","hentry"],"_links":{"self":[{"href":"http:\/\/www.michaelpflumm.de\/en\/wp-json\/wp\/v2\/pages\/2","targetHints":{"allow":["GET"]}}],"collection":[{"href":"http:\/\/www.michaelpflumm.de\/en\/wp-json\/wp\/v2\/pages"}],"about":[{"href":"http:\/\/www.michaelpflumm.de\/en\/wp-json\/wp\/v2\/types\/page"}],"author":[{"embeddable":true,"href":"http:\/\/www.michaelpflumm.de\/en\/wp-json\/wp\/v2\/users\/1"}],"replies":[{"embeddable":true,"href":"http:\/\/www.michaelpflumm.de\/en\/wp-json\/wp\/v2\/comments?post=2"}],"version-history":[{"count":373,"href":"http:\/\/www.michaelpflumm.de\/en\/wp-json\/wp\/v2\/pages\/2\/revisions"}],"predecessor-version":[{"id":629,"href":"http:\/\/www.michaelpflumm.de\/en\/wp-json\/wp\/v2\/pages\/2\/revisions\/629"}],"wp:attachment":[{"href":"http:\/\/www.michaelpflumm.de\/en\/wp-json\/wp\/v2\/media?parent=2"}],"curies":[{"name":"wp","href":"https:\/\/api.w.org\/{rel}","templated":true}]}}